{"id":231,"date":"2023-09-13T10:10:34","date_gmt":"2023-09-13T08:10:34","guid":{"rendered":"https:\/\/salondesrivieras.com\/?page_id=231"},"modified":"2023-09-28T16:12:29","modified_gmt":"2023-09-28T14:12:29","slug":"evenements-2023","status":"publish","type":"page","link":"https:\/\/salondesrivieras.com\/index.php\/evenements-2023\/","title":{"rendered":"\u00c9v\u00e8nements 2023"},"content":{"rendered":"\n<p>Les conf\u00e9rences que le Salon a partag\u00e9 avec les visiteurs ont eu beaucoup de succ\u00e8s.<\/p>\n\n\n\n<p>La FLAC (F\u00e9d\u00e9ration des Luttes pour l\u2019Abolition des Corridas), avec la conf\u00e9rence donn\u00e9e par son secr\u00e9taire g\u00e9n\u00e9ral Roger Lahana, a pu d\u00e9voiler les secrets sombres de la corrida. La FLAC est une f\u00e9d\u00e9ration qui r\u00e9unit les Associations fran\u00e7aises qui luttent pour l\u2019abolition de la corrida. Le pr\u00e9sident de la FLAC \u00e9tait pr\u00e9sent aussi: tous les deux ont r\u00e9pondu aux questions du public et leur stand a \u00e9t\u00e9 tr\u00e8s fr\u00e9quent\u00e9.<\/p>\n\n\n\n<p>Bernard Laboureau, \u00e9crivain et peintre, a t\u00e9moign\u00e9 de son amour pour son chien Charles Edward, auquel il a d\u00e9di\u00e9 une page Facebook et m\u00eame cr\u00e9\u00e9 une maison d\u2019\u00e9dition qui porte le nom du toutou. Charles Edward est d\u2019ailleurs \u201cauteur\u201d de certains romans publi\u00e9s par la maison d\u2019\u00e9dition qui porte son nom.<\/p>\n\n\n\n<p>Enfin, Emmanuel Tourpe, philosophe, sp\u00e9cialiste des m\u00e9dias, ancien directeur des programmes de Arte et actuellement directeur g\u00e9n\u00e9ral de IPM Audiovisuel a anim\u00e9 une vid\u00e9o-conf\u00e9rence tr\u00e8s suivie, intitul\u00e9e \u201cDu roman au film: une trahison n\u00e9cessaire\u201d. V\u00e9ritable homme de la Renaissance par ses int\u00e9r\u00eats multiples, Emmanuel Tourpe a int\u00e9ress\u00e9 un public vaste et vari\u00e9.\u00a0<br><\/p>\n\n\n\n<figure class=\"wp-block-image size-large\"><img loading=\"lazy\" decoding=\"async\" width=\"729\" height=\"1024\" src=\"https:\/\/salondesrivieras.com\/wp-content\/uploads\/2023\/09\/PUBBLICARE-729x1024.jpg\" alt=\"\" class=\"wp-image-229\" srcset=\"https:\/\/salondesrivieras.com\/wp-content\/uploads\/2023\/09\/PUBBLICARE-729x1024.jpg 729w, https:\/\/salondesrivieras.com\/wp-content\/uploads\/2023\/09\/PUBBLICARE-213x300.jpg 213w, https:\/\/salondesrivieras.com\/wp-content\/uploads\/2023\/09\/PUBBLICARE.jpg 750w\" sizes=\"auto, (max-width: 729px) 100vw, 729px\" \/><\/figure>\n","protected":false},"excerpt":{"rendered":"<p>Les conf\u00e9rences que le Salon a partag\u00e9 avec les visiteurs ont eu beaucoup de succ\u00e8s. La FLAC (F\u00e9d\u00e9ration des Luttes pour l\u2019Abolition des Corridas), avec la conf\u00e9rence donn\u00e9e par son secr\u00e9taire g\u00e9n\u00e9ral Roger Lahana, a pu d\u00e9voiler les secrets sombres de la corrida. La FLAC est une f\u00e9d\u00e9ration qui r\u00e9unit les Associations fran\u00e7aises qui luttent [&hellip;]<\/p>\n","protected":false},"author":1,"featured_media":0,"parent":0,"menu_order":0,"comment_status":"closed","ping_status":"closed","template":"","meta":{"footnotes":""},"class_list":["post-231","page","type-page","status-publish","hentry"],"_links":{"self":[{"href":"https:\/\/salondesrivieras.com\/index.php\/wp-json\/wp\/v2\/pages\/231","targetHints":{"allow":["GET"]}}],"collection":[{"href":"https:\/\/salondesrivieras.com\/index.php\/wp-json\/wp\/v2\/pages"}],"about":[{"href":"https:\/\/salondesrivieras.com\/index.php\/wp-json\/wp\/v2\/types\/page"}],"author":[{"embeddable":true,"href":"https:\/\/salondesrivieras.com\/index.php\/wp-json\/wp\/v2\/users\/1"}],"replies":[{"embeddable":true,"href":"https:\/\/salondesrivieras.com\/index.php\/wp-json\/wp\/v2\/comments?post=231"}],"version-history":[{"count":3,"href":"https:\/\/salondesrivieras.com\/index.php\/wp-json\/wp\/v2\/pages\/231\/revisions"}],"predecessor-version":[{"id":273,"href":"https:\/\/salondesrivieras.com\/index.php\/wp-json\/wp\/v2\/pages\/231\/revisions\/273"}],"wp:attachment":[{"href":"https:\/\/salondesrivieras.com\/index.php\/wp-json\/wp\/v2\/media?parent=231"}],"curies":[{"name":"wp","href":"https:\/\/api.w.org\/{rel}","templated":true}]}}